{"id":1047,"date":"2023-04-11T20:57:58","date_gmt":"2023-04-11T18:57:58","guid":{"rendered":"https:\/\/www.au-donau.at\/heimathaus2023\/?page_id=1047"},"modified":"2025-06-04T20:47:13","modified_gmt":"2025-06-04T18:47:13","slug":"rueckblicke-2","status":"publish","type":"page","link":"https:\/\/www.au-donau.at\/heimathaus\/rueckblicke-2\/","title":{"rendered":"R\u00fcckblicke"},"content":{"rendered":"\t\t<div data-elementor-type=\"wp-page\" data-elementor-id=\"1047\" class=\"elementor elementor-1047\" data-elementor-post-type=\"page\">\n\t\t\t\t<div class=\"elementor-element elementor-element-365663d2 e-flex e-con-boxed e-con e-parent\" data-id=\"365663d2\" data-element_type=\"container\" data-e-type=\"container\">\n\t\t\t\t\t<div class=\"e-con-inner\">\n\t\t\t\t<div class=\"elementor-element elementor-element-7f0dbe68 elementor-posts--align-center elementor-grid-3 elementor-grid-tablet-2 elementor-grid-mobile-1 elementor-posts--thumbnail-top elementor-card-shadow-yes elementor-posts__hover-gradient elementor-widget elementor-widget-posts\" data-id=\"7f0dbe68\" data-element_type=\"widget\" data-e-type=\"widget\" data-settings=\"{&quot;pagination_type&quot;:&quot;prev_next&quot;,&quot;cards_columns&quot;:&quot;3&quot;,&quot;cards_columns_tablet&quot;:&quot;2&quot;,&quot;cards_columns_mobile&quot;:&quot;1&quot;,&quot;cards_row_gap&quot;:{&quot;unit&quot;:&quot;px&quot;,&quot;size&quot;:35,&quot;sizes&quot;:[]},&quot;cards_row_gap_tablet&quot;:{&quot;unit&quot;:&quot;px&quot;,&quot;size&quot;:&quot;&quot;,&quot;sizes&quot;:[]},&quot;cards_row_gap_mobile&quot;:{&quot;unit&quot;:&quot;px&quot;,&quot;size&quot;:&quot;&quot;,&quot;sizes&quot;:[]}}\" data-widget_type=\"posts.cards\">\n\t\t\t\t<div class=\"elementor-widget-container\">\n\t\t\t\t\t\t\t<div class=\"elementor-posts-container elementor-posts elementor-posts--skin-cards elementor-grid\" role=\"list\">\n\t\t\t\t<article class=\"elementor-post elementor-grid-item post-2856 post type-post status-publish format-standard has-post-thumbnail hentry category-rueckblicke\" role=\"listitem\">\n\t\t\t<div class=\"elementor-post__card\">\n\t\t\t\t<a class=\"elementor-post__thumbnail__link\" href=\"https:\/\/www.au-donau.at\/heimathaus\/tag-der-offenen-tuer-2026\/\" tabindex=\"-1\" ><div class=\"elementor-post__thumbnail\"><img fetchpriority=\"high\" decoding=\"async\" width=\"768\" height=\"1068\" src=\"https:\/\/www.au-donau.at\/heimathaus\/wp-content\/uploads\/2026\/04\/img-20260413-wa00021598945020561175771-768x1068.jpg\" class=\"attachment-medium_large size-medium_large wp-image-2835\" alt=\"\" srcset=\"https:\/\/www.au-donau.at\/heimathaus\/wp-content\/uploads\/2026\/04\/img-20260413-wa00021598945020561175771-768x1068.jpg 768w, https:\/\/www.au-donau.at\/heimathaus\/wp-content\/uploads\/2026\/04\/img-20260413-wa00021598945020561175771-216x300.jpg 216w, https:\/\/www.au-donau.at\/heimathaus\/wp-content\/uploads\/2026\/04\/img-20260413-wa00021598945020561175771-737x1024.jpg 737w, https:\/\/www.au-donau.at\/heimathaus\/wp-content\/uploads\/2026\/04\/img-20260413-wa00021598945020561175771-1105x1536.jpg 1105w, https:\/\/www.au-donau.at\/heimathaus\/wp-content\/uploads\/2026\/04\/img-20260413-wa00021598945020561175771.jpg 1179w\" sizes=\"(max-width: 768px) 100vw, 768px\" \/><\/div><\/a>\n\t\t\t\t<div class=\"elementor-post__text\">\n\t\t\t\t<h1 class=\"elementor-post__title\">\n\t\t\t<a href=\"https:\/\/www.au-donau.at\/heimathaus\/tag-der-offenen-tuer-2026\/\" >\n\t\t\t\tTag der offenen T\u00fcr 2026\t\t\t<\/a>\n\t\t<\/h1>\n\t\t\t\t<div class=\"elementor-post__excerpt\">\n\t\t\t\t\t<\/div>\n\t\t\n\t\t<a class=\"elementor-post__read-more\" href=\"https:\/\/www.au-donau.at\/heimathaus\/tag-der-offenen-tuer-2026\/\" aria-label=\"Read more about Tag der offenen T\u00fcr 2026\" tabindex=\"-1\" >\n\t\t\tWeiterlesen\t\t<\/a>\n\n\t\t\t\t<\/div>\n\t\t\t\t<div class=\"elementor-post__meta-data\">\n\t\t\t\t\t<span class=\"elementor-post-date\">\n\t\t\t27. April 2026\t\t<\/span>\n\t\t\t\t<\/div>\n\t\t\t\t\t<\/div>\n\t\t<\/article>\n\t\t\t\t<article class=\"elementor-post elementor-grid-item post-2803 post type-post status-publish format-standard has-post-thumbnail hentry category-rueckblicke\" role=\"listitem\">\n\t\t\t<div class=\"elementor-post__card\">\n\t\t\t\t<a class=\"elementor-post__thumbnail__link\" href=\"https:\/\/www.au-donau.at\/heimathaus\/bericht-zur-jahreshauptversammlung-2025\/\" tabindex=\"-1\" ><div class=\"elementor-post__thumbnail\"><img decoding=\"async\" width=\"768\" height=\"346\" src=\"https:\/\/www.au-donau.at\/heimathaus\/wp-content\/uploads\/2025\/10\/JHV_2025-5-768x346.jpg\" class=\"attachment-medium_large size-medium_large wp-image-2809\" alt=\"\" srcset=\"https:\/\/www.au-donau.at\/heimathaus\/wp-content\/uploads\/2025\/10\/JHV_2025-5-768x346.jpg 768w, https:\/\/www.au-donau.at\/heimathaus\/wp-content\/uploads\/2025\/10\/JHV_2025-5-300x135.jpg 300w, https:\/\/www.au-donau.at\/heimathaus\/wp-content\/uploads\/2025\/10\/JHV_2025-5-1024x461.jpg 1024w, https:\/\/www.au-donau.at\/heimathaus\/wp-content\/uploads\/2025\/10\/JHV_2025-5-1536x692.jpg 1536w, https:\/\/www.au-donau.at\/heimathaus\/wp-content\/uploads\/2025\/10\/JHV_2025-5-2048x922.jpg 2048w\" sizes=\"(max-width: 768px) 100vw, 768px\" \/><\/div><\/a>\n\t\t\t\t<div class=\"elementor-post__text\">\n\t\t\t\t<h1 class=\"elementor-post__title\">\n\t\t\t<a href=\"https:\/\/www.au-donau.at\/heimathaus\/bericht-zur-jahreshauptversammlung-2025\/\" >\n\t\t\t\tBericht zur Jahreshauptversammlung 2025\t\t\t<\/a>\n\t\t<\/h1>\n\t\t\t\t<div class=\"elementor-post__excerpt\">\n\t\t\t<p>Naarn. Im Rahmen der Jahreshauptversammlung des Kulturvereins Forum Naarn wurde der Vorstand sowie der Beirat einstimmig in ihren Funktionen best\u00e4tigt. Dar\u00fcber hinaus nahm man die Versammlung zum Anlass, zwei langj\u00e4hrige<\/p>\n\t\t<\/div>\n\t\t\n\t\t<a class=\"elementor-post__read-more\" href=\"https:\/\/www.au-donau.at\/heimathaus\/bericht-zur-jahreshauptversammlung-2025\/\" aria-label=\"Read more about Bericht zur Jahreshauptversammlung 2025\" tabindex=\"-1\" >\n\t\t\tWeiterlesen\t\t<\/a>\n\n\t\t\t\t<\/div>\n\t\t\t\t<div class=\"elementor-post__meta-data\">\n\t\t\t\t\t<span class=\"elementor-post-date\">\n\t\t\t18. Oktober 2025\t\t<\/span>\n\t\t\t\t<\/div>\n\t\t\t\t\t<\/div>\n\t\t<\/article>\n\t\t\t\t<article class=\"elementor-post elementor-grid-item post-2783 post type-post status-publish format-standard has-post-thumbnail hentry category-rueckblicke\" role=\"listitem\">\n\t\t\t<div class=\"elementor-post__card\">\n\t\t\t\t<a class=\"elementor-post__thumbnail__link\" href=\"https:\/\/www.au-donau.at\/heimathaus\/kleidertauschparty\/\" tabindex=\"-1\" ><div class=\"elementor-post__thumbnail\"><img decoding=\"async\" width=\"768\" height=\"576\" src=\"https:\/\/www.au-donau.at\/heimathaus\/wp-content\/uploads\/2025\/09\/Kleidertauschparty-4-768x576.jpg\" class=\"attachment-medium_large size-medium_large wp-image-2788\" alt=\"\" srcset=\"https:\/\/www.au-donau.at\/heimathaus\/wp-content\/uploads\/2025\/09\/Kleidertauschparty-4-768x576.jpg 768w, https:\/\/www.au-donau.at\/heimathaus\/wp-content\/uploads\/2025\/09\/Kleidertauschparty-4-300x225.jpg 300w, https:\/\/www.au-donau.at\/heimathaus\/wp-content\/uploads\/2025\/09\/Kleidertauschparty-4-1024x769.jpg 1024w, https:\/\/www.au-donau.at\/heimathaus\/wp-content\/uploads\/2025\/09\/Kleidertauschparty-4-1536x1153.jpg 1536w, https:\/\/www.au-donau.at\/heimathaus\/wp-content\/uploads\/2025\/09\/Kleidertauschparty-4.jpg 1600w\" sizes=\"(max-width: 768px) 100vw, 768px\" \/><\/div><\/a>\n\t\t\t\t<div class=\"elementor-post__text\">\n\t\t\t\t<h1 class=\"elementor-post__title\">\n\t\t\t<a href=\"https:\/\/www.au-donau.at\/heimathaus\/kleidertauschparty\/\" >\n\t\t\t\tKleidertauschparty\t\t\t<\/a>\n\t\t<\/h1>\n\t\t\t\t<div class=\"elementor-post__excerpt\">\n\t\t\t<p>Am Samstag, 13.09.2025 fand im Heimathaus die erste Kleidertausch-Party statt. Ungef\u00e4hr 50 &#8222;tausch-freudige&#8220; Besucherinnen sind unserer Einladung gefolgt und somit konnten viele sch\u00f6ne Kleidungsst\u00fccke an neue Besitzerinnen wechseln. Insgesamt war<\/p>\n\t\t<\/div>\n\t\t\n\t\t<a class=\"elementor-post__read-more\" href=\"https:\/\/www.au-donau.at\/heimathaus\/kleidertauschparty\/\" aria-label=\"Read more about Kleidertauschparty\" tabindex=\"-1\" >\n\t\t\tWeiterlesen\t\t<\/a>\n\n\t\t\t\t<\/div>\n\t\t\t\t<div class=\"elementor-post__meta-data\">\n\t\t\t\t\t<span class=\"elementor-post-date\">\n\t\t\t15. September 2025\t\t<\/span>\n\t\t\t\t<\/div>\n\t\t\t\t\t<\/div>\n\t\t<\/article>\n\t\t\t\t<article class=\"elementor-post elementor-grid-item post-2761 post type-post status-publish format-standard has-post-thumbnail hentry category-rueckblicke\" role=\"listitem\">\n\t\t\t<div class=\"elementor-post__card\">\n\t\t\t\t<a class=\"elementor-post__thumbnail__link\" href=\"https:\/\/www.au-donau.at\/heimathaus\/ferienspiele-2025\/\" tabindex=\"-1\" ><div class=\"elementor-post__thumbnail\"><img loading=\"lazy\" decoding=\"async\" width=\"768\" height=\"1024\" src=\"https:\/\/www.au-donau.at\/heimathaus\/wp-content\/uploads\/2025\/08\/IMG_20250731_140324-768x1024.jpg\" class=\"attachment-medium_large size-medium_large wp-image-2760\" alt=\"\" srcset=\"https:\/\/www.au-donau.at\/heimathaus\/wp-content\/uploads\/2025\/08\/IMG_20250731_140324-768x1024.jpg 768w, https:\/\/www.au-donau.at\/heimathaus\/wp-content\/uploads\/2025\/08\/IMG_20250731_140324-225x300.jpg 225w, https:\/\/www.au-donau.at\/heimathaus\/wp-content\/uploads\/2025\/08\/IMG_20250731_140324-1152x1536.jpg 1152w, https:\/\/www.au-donau.at\/heimathaus\/wp-content\/uploads\/2025\/08\/IMG_20250731_140324-1536x2048.jpg 1536w, https:\/\/www.au-donau.at\/heimathaus\/wp-content\/uploads\/2025\/08\/IMG_20250731_140324-scaled.jpg 1920w\" sizes=\"(max-width: 768px) 100vw, 768px\" \/><\/div><\/a>\n\t\t\t\t<div class=\"elementor-post__text\">\n\t\t\t\t<h1 class=\"elementor-post__title\">\n\t\t\t<a href=\"https:\/\/www.au-donau.at\/heimathaus\/ferienspiele-2025\/\" >\n\t\t\t\tFerienspiele 2025\t\t\t<\/a>\n\t\t<\/h1>\n\t\t\t\t<div class=\"elementor-post__excerpt\">\n\t\t\t<p>Ferienspiele Kulturverein \u201eForum Naarn\u201c Auch heuer beteiligte sich der Kulturverein \u201eForm Naarn\u201c wieder an den Ferienspielen der Gemeinde Naarn. Am 31.07.2025 fanden diese im Heimathaus unter dem Titel \u201eKosmetikworkshop f\u00fcr<\/p>\n\t\t<\/div>\n\t\t\n\t\t<a class=\"elementor-post__read-more\" href=\"https:\/\/www.au-donau.at\/heimathaus\/ferienspiele-2025\/\" aria-label=\"Read more about Ferienspiele 2025\" tabindex=\"-1\" >\n\t\t\tWeiterlesen\t\t<\/a>\n\n\t\t\t\t<\/div>\n\t\t\t\t<div class=\"elementor-post__meta-data\">\n\t\t\t\t\t<span class=\"elementor-post-date\">\n\t\t\t7. August 2025\t\t<\/span>\n\t\t\t\t<\/div>\n\t\t\t\t\t<\/div>\n\t\t<\/article>\n\t\t\t\t<article class=\"elementor-post elementor-grid-item post-2707 post type-post status-publish format-standard has-post-thumbnail hentry category-rueckblicke\" role=\"listitem\">\n\t\t\t<div class=\"elementor-post__card\">\n\t\t\t\t<a class=\"elementor-post__thumbnail__link\" href=\"https:\/\/www.au-donau.at\/heimathaus\/volksschulbesuch-im-heimathaus\/\" tabindex=\"-1\" ><div class=\"elementor-post__thumbnail\"><img loading=\"lazy\" decoding=\"async\" width=\"768\" height=\"576\" src=\"https:\/\/www.au-donau.at\/heimathaus\/wp-content\/uploads\/2025\/06\/23.-Mai-2025VS_Naarn-2-768x576.jpg\" class=\"attachment-medium_large size-medium_large wp-image-2728\" alt=\"\" srcset=\"https:\/\/www.au-donau.at\/heimathaus\/wp-content\/uploads\/2025\/06\/23.-Mai-2025VS_Naarn-2-768x576.jpg 768w, https:\/\/www.au-donau.at\/heimathaus\/wp-content\/uploads\/2025\/06\/23.-Mai-2025VS_Naarn-2-300x225.jpg 300w, https:\/\/www.au-donau.at\/heimathaus\/wp-content\/uploads\/2025\/06\/23.-Mai-2025VS_Naarn-2-1024x768.jpg 1024w, https:\/\/www.au-donau.at\/heimathaus\/wp-content\/uploads\/2025\/06\/23.-Mai-2025VS_Naarn-2-1536x1152.jpg 1536w, https:\/\/www.au-donau.at\/heimathaus\/wp-content\/uploads\/2025\/06\/23.-Mai-2025VS_Naarn-2.jpg 2048w\" sizes=\"(max-width: 768px) 100vw, 768px\" \/><\/div><\/a>\n\t\t\t\t<div class=\"elementor-post__text\">\n\t\t\t\t<h1 class=\"elementor-post__title\">\n\t\t\t<a href=\"https:\/\/www.au-donau.at\/heimathaus\/volksschulbesuch-im-heimathaus\/\" >\n\t\t\t\tVolksschulbesuch im Heimathaus\t\t\t<\/a>\n\t\t<\/h1>\n\t\t\t\t<div class=\"elementor-post__excerpt\">\n\t\t\t<p>Am 23.Mai.2025 besuchten die 3.Klassen der Volksschule Naarn das Heimathaus. Dabei wurden \u00fcber die Geschichte des Hauses, der Fl\u00f6\u00dferei und der Schwemm informiert. Heuer wurde auch ein R\u00e4tsel f\u00fcr die<\/p>\n\t\t<\/div>\n\t\t\n\t\t<a class=\"elementor-post__read-more\" href=\"https:\/\/www.au-donau.at\/heimathaus\/volksschulbesuch-im-heimathaus\/\" aria-label=\"Read more about Volksschulbesuch im Heimathaus\" tabindex=\"-1\" >\n\t\t\tWeiterlesen\t\t<\/a>\n\n\t\t\t\t<\/div>\n\t\t\t\t<div class=\"elementor-post__meta-data\">\n\t\t\t\t\t<span class=\"elementor-post-date\">\n\t\t\t4. Juni 2025\t\t<\/span>\n\t\t\t\t<\/div>\n\t\t\t\t\t<\/div>\n\t\t<\/article>\n\t\t\t\t<article class=\"elementor-post elementor-grid-item post-2632 post type-post status-publish format-standard has-post-thumbnail hentry category-rueckblicke\" role=\"listitem\">\n\t\t\t<div class=\"elementor-post__card\">\n\t\t\t\t<a class=\"elementor-post__thumbnail__link\" href=\"https:\/\/www.au-donau.at\/heimathaus\/heimathouse-rockt-2025\/\" tabindex=\"-1\" ><div class=\"elementor-post__thumbnail\"><img loading=\"lazy\" decoding=\"async\" width=\"768\" height=\"512\" src=\"https:\/\/www.au-donau.at\/heimathaus\/wp-content\/uploads\/2025\/05\/Heimathouse_rockt_2025_5-768x512.jpg\" class=\"attachment-medium_large size-medium_large wp-image-2638\" alt=\"\" srcset=\"https:\/\/www.au-donau.at\/heimathaus\/wp-content\/uploads\/2025\/05\/Heimathouse_rockt_2025_5-768x512.jpg 768w, https:\/\/www.au-donau.at\/heimathaus\/wp-content\/uploads\/2025\/05\/Heimathouse_rockt_2025_5-300x200.jpg 300w, https:\/\/www.au-donau.at\/heimathaus\/wp-content\/uploads\/2025\/05\/Heimathouse_rockt_2025_5-1024x683.jpg 1024w, https:\/\/www.au-donau.at\/heimathaus\/wp-content\/uploads\/2025\/05\/Heimathouse_rockt_2025_5-1536x1024.jpg 1536w\" sizes=\"(max-width: 768px) 100vw, 768px\" \/><\/div><\/a>\n\t\t\t\t<div class=\"elementor-post__text\">\n\t\t\t\t<h1 class=\"elementor-post__title\">\n\t\t\t<a href=\"https:\/\/www.au-donau.at\/heimathaus\/heimathouse-rockt-2025\/\" >\n\t\t\t\tHeimathouse rockt 2025\t\t\t<\/a>\n\t\t<\/h1>\n\t\t\t\t<div class=\"elementor-post__excerpt\">\n\t\t\t<p>Heimathouse rockt: Tolle Stimmung trotz k\u00fchlem Wetter! Am 23. Mai 2025 wurde das Heimathaus Naarn erneut zur B\u00fchne f\u00fcr feinsten Rocksound \u2013 und das trotz k\u00fchler Temperaturen. Die Outdoorveranstaltung\u00a0\u201eHeimathouse rockt\u201c\u00a0lockte<\/p>\n\t\t<\/div>\n\t\t\n\t\t<a class=\"elementor-post__read-more\" href=\"https:\/\/www.au-donau.at\/heimathaus\/heimathouse-rockt-2025\/\" aria-label=\"Read more about Heimathouse rockt 2025\" tabindex=\"-1\" >\n\t\t\tWeiterlesen\t\t<\/a>\n\n\t\t\t\t<\/div>\n\t\t\t\t<div class=\"elementor-post__meta-data\">\n\t\t\t\t\t<span class=\"elementor-post-date\">\n\t\t\t23. Mai 2025\t\t<\/span>\n\t\t\t\t<\/div>\n\t\t\t\t\t<\/div>\n\t\t<\/article>\n\t\t\t\t<article class=\"elementor-post elementor-grid-item post-2611 post type-post status-publish format-standard has-post-thumbnail hentry category-rueckblicke\" role=\"listitem\">\n\t\t\t<div class=\"elementor-post__card\">\n\t\t\t\t<a class=\"elementor-post__thumbnail__link\" href=\"https:\/\/www.au-donau.at\/heimathaus\/maiandacht-im-heimathaus-4\/\" tabindex=\"-1\" ><div class=\"elementor-post__thumbnail\"><img loading=\"lazy\" decoding=\"async\" width=\"768\" height=\"576\" src=\"https:\/\/www.au-donau.at\/heimathaus\/wp-content\/uploads\/2025\/05\/WhatsApp-Bild-2025-05-21-um-21.42.26_7dfa1294-768x576.jpg\" class=\"attachment-medium_large size-medium_large wp-image-2615\" alt=\"\" srcset=\"https:\/\/www.au-donau.at\/heimathaus\/wp-content\/uploads\/2025\/05\/WhatsApp-Bild-2025-05-21-um-21.42.26_7dfa1294-768x576.jpg 768w, https:\/\/www.au-donau.at\/heimathaus\/wp-content\/uploads\/2025\/05\/WhatsApp-Bild-2025-05-21-um-21.42.26_7dfa1294-300x225.jpg 300w, https:\/\/www.au-donau.at\/heimathaus\/wp-content\/uploads\/2025\/05\/WhatsApp-Bild-2025-05-21-um-21.42.26_7dfa1294-1024x768.jpg 1024w, https:\/\/www.au-donau.at\/heimathaus\/wp-content\/uploads\/2025\/05\/WhatsApp-Bild-2025-05-21-um-21.42.26_7dfa1294-1536x1152.jpg 1536w, https:\/\/www.au-donau.at\/heimathaus\/wp-content\/uploads\/2025\/05\/WhatsApp-Bild-2025-05-21-um-21.42.26_7dfa1294.jpg 2040w\" sizes=\"(max-width: 768px) 100vw, 768px\" \/><\/div><\/a>\n\t\t\t\t<div class=\"elementor-post__text\">\n\t\t\t\t<h1 class=\"elementor-post__title\">\n\t\t\t<a href=\"https:\/\/www.au-donau.at\/heimathaus\/maiandacht-im-heimathaus-4\/\" >\n\t\t\t\tMaiandacht im Heimathaus, 21. Mai\t\t\t<\/a>\n\t\t<\/h1>\n\t\t\t\t<div class=\"elementor-post__excerpt\">\n\t\t\t<p>In Abstimmung mit den Pfarrgemeinder\u00e4ten der Ortschaften Oberwagram und Sebern wurde auch heuer wieder eine Maiandacht im Heimathaus organisiert. Abgehalten von Gottfried Froschauer und musikalisch umrahmt von Helene Astleithner feierten<\/p>\n\t\t<\/div>\n\t\t\n\t\t<a class=\"elementor-post__read-more\" href=\"https:\/\/www.au-donau.at\/heimathaus\/maiandacht-im-heimathaus-4\/\" aria-label=\"Read more about Maiandacht im Heimathaus, 21. Mai\" tabindex=\"-1\" >\n\t\t\tWeiterlesen\t\t<\/a>\n\n\t\t\t\t<\/div>\n\t\t\t\t<div class=\"elementor-post__meta-data\">\n\t\t\t\t\t<span class=\"elementor-post-date\">\n\t\t\t21. Mai 2025\t\t<\/span>\n\t\t\t\t<\/div>\n\t\t\t\t\t<\/div>\n\t\t<\/article>\n\t\t\t\t<article class=\"elementor-post elementor-grid-item post-2688 post type-post status-publish format-standard has-post-thumbnail hentry category-rueckblicke\" role=\"listitem\">\n\t\t\t<div class=\"elementor-post__card\">\n\t\t\t\t<a class=\"elementor-post__thumbnail__link\" href=\"https:\/\/www.au-donau.at\/heimathaus\/tag-der-offenen-tuer\/\" tabindex=\"-1\" ><div class=\"elementor-post__thumbnail\"><img loading=\"lazy\" decoding=\"async\" width=\"768\" height=\"576\" src=\"https:\/\/www.au-donau.at\/heimathaus\/wp-content\/uploads\/2025\/05\/1000135934-768x576.jpg\" class=\"attachment-medium_large size-medium_large wp-image-2696\" alt=\"\" srcset=\"https:\/\/www.au-donau.at\/heimathaus\/wp-content\/uploads\/2025\/05\/1000135934-768x576.jpg 768w, https:\/\/www.au-donau.at\/heimathaus\/wp-content\/uploads\/2025\/05\/1000135934-300x225.jpg 300w, https:\/\/www.au-donau.at\/heimathaus\/wp-content\/uploads\/2025\/05\/1000135934-1024x768.jpg 1024w, https:\/\/www.au-donau.at\/heimathaus\/wp-content\/uploads\/2025\/05\/1000135934-1536x1152.jpg 1536w, https:\/\/www.au-donau.at\/heimathaus\/wp-content\/uploads\/2025\/05\/1000135934-2048x1536.jpg 2048w\" sizes=\"(max-width: 768px) 100vw, 768px\" \/><\/div><\/a>\n\t\t\t\t<div class=\"elementor-post__text\">\n\t\t\t\t<h1 class=\"elementor-post__title\">\n\t\t\t<a href=\"https:\/\/www.au-donau.at\/heimathaus\/tag-der-offenen-tuer\/\" >\n\t\t\t\tTag der offenen T\u00fcr\t\t\t<\/a>\n\t\t<\/h1>\n\t\t\t\t<div class=\"elementor-post__excerpt\">\n\t\t\t<p>Am Samstag, 12.04.2025 fand ab 14:00 Uhr ein Tag der offenen T\u00fcr im Heimathaus statt.F\u00fcr alle interessierten Besucher war es ein gem\u00fctlicher Nachmittag mit Kaffee und Kuchen. F\u00fchrungen durch das<\/p>\n\t\t<\/div>\n\t\t\n\t\t<a class=\"elementor-post__read-more\" href=\"https:\/\/www.au-donau.at\/heimathaus\/tag-der-offenen-tuer\/\" aria-label=\"Read more about Tag der offenen T\u00fcr\" tabindex=\"-1\" >\n\t\t\tWeiterlesen\t\t<\/a>\n\n\t\t\t\t<\/div>\n\t\t\t\t<div class=\"elementor-post__meta-data\">\n\t\t\t\t\t<span class=\"elementor-post-date\">\n\t\t\t12. April 2025\t\t<\/span>\n\t\t\t\t<\/div>\n\t\t\t\t\t<\/div>\n\t\t<\/article>\n\t\t\t\t<article class=\"elementor-post elementor-grid-item post-2520 post type-post status-publish format-standard has-post-thumbnail hentry category-rueckblicke\" role=\"listitem\">\n\t\t\t<div class=\"elementor-post__card\">\n\t\t\t\t<a class=\"elementor-post__thumbnail__link\" href=\"https:\/\/www.au-donau.at\/heimathaus\/ferienspiele-2024\/\" tabindex=\"-1\" ><div class=\"elementor-post__thumbnail\"><img loading=\"lazy\" decoding=\"async\" width=\"768\" height=\"576\" src=\"https:\/\/www.au-donau.at\/heimathaus\/wp-content\/uploads\/2025\/01\/FSP4-768x576.jpg\" class=\"attachment-medium_large size-medium_large wp-image-2527\" alt=\"\" srcset=\"https:\/\/www.au-donau.at\/heimathaus\/wp-content\/uploads\/2025\/01\/FSP4-768x576.jpg 768w, https:\/\/www.au-donau.at\/heimathaus\/wp-content\/uploads\/2025\/01\/FSP4-300x225.jpg 300w, https:\/\/www.au-donau.at\/heimathaus\/wp-content\/uploads\/2025\/01\/FSP4-1024x768.jpg 1024w, https:\/\/www.au-donau.at\/heimathaus\/wp-content\/uploads\/2025\/01\/FSP4-1536x1152.jpg 1536w, https:\/\/www.au-donau.at\/heimathaus\/wp-content\/uploads\/2025\/01\/FSP4.jpg 1600w\" sizes=\"(max-width: 768px) 100vw, 768px\" \/><\/div><\/a>\n\t\t\t\t<div class=\"elementor-post__text\">\n\t\t\t\t<h1 class=\"elementor-post__title\">\n\t\t\t<a href=\"https:\/\/www.au-donau.at\/heimathaus\/ferienspiele-2024\/\" >\n\t\t\t\tFerienspiele 2024\t\t\t<\/a>\n\t\t<\/h1>\n\t\t\t\t<div class=\"elementor-post__excerpt\">\n\t\t\t<p>Ferienspiele Kulturverein \u201eForum Naarn\u201c Am 01.08.2024 fanden im Heimathaus die Ferienspiele unter dem Titel \u201eKosmetikworkshop f\u00fcr Kids mit der Kr\u00e4uterfee\u201c statt. Es besuchten insgesamt 20 Kinder die beiden Workshops die<\/p>\n\t\t<\/div>\n\t\t\n\t\t<a class=\"elementor-post__read-more\" href=\"https:\/\/www.au-donau.at\/heimathaus\/ferienspiele-2024\/\" aria-label=\"Read more about Ferienspiele 2024\" tabindex=\"-1\" >\n\t\t\tWeiterlesen\t\t<\/a>\n\n\t\t\t\t<\/div>\n\t\t\t\t<div class=\"elementor-post__meta-data\">\n\t\t\t\t\t<span class=\"elementor-post-date\">\n\t\t\t14. Januar 2025\t\t<\/span>\n\t\t\t\t<\/div>\n\t\t\t\t\t<\/div>\n\t\t<\/article>\n\t\t\t\t<article class=\"elementor-post elementor-grid-item post-2481 post type-post status-publish format-standard hentry category-rueckblicke\" role=\"listitem\">\n\t\t\t<div class=\"elementor-post__card\">\n\t\t\t\t<div class=\"elementor-post__text\">\n\t\t\t\t<h1 class=\"elementor-post__title\">\n\t\t\t<a href=\"https:\/\/www.au-donau.at\/heimathaus\/heimathouse-rockt\/\" >\n\t\t\t\tHeimathouse rockt\t\t\t<\/a>\n\t\t<\/h1>\n\t\t\t\t<div class=\"elementor-post__excerpt\">\n\t\t\t\t\t<\/div>\n\t\t\n\t\t<a class=\"elementor-post__read-more\" href=\"https:\/\/www.au-donau.at\/heimathaus\/heimathouse-rockt\/\" aria-label=\"Read more about Heimathouse rockt\" tabindex=\"-1\" >\n\t\t\tWeiterlesen\t\t<\/a>\n\n\t\t\t\t<\/div>\n\t\t\t\t<div class=\"elementor-post__meta-data\">\n\t\t\t\t\t<span class=\"elementor-post-date\">\n\t\t\t3. Juli 2024\t\t<\/span>\n\t\t\t\t<\/div>\n\t\t\t\t\t<\/div>\n\t\t<\/article>\n\t\t\t\t<article class=\"elementor-post elementor-grid-item post-2258 post type-post status-publish format-standard has-post-thumbnail hentry category-rueckblicke\" role=\"listitem\">\n\t\t\t<div class=\"elementor-post__card\">\n\t\t\t\t<a class=\"elementor-post__thumbnail__link\" href=\"https:\/\/www.au-donau.at\/heimathaus\/vereinsausflug-in-die-mozartstadt\/\" tabindex=\"-1\" ><div class=\"elementor-post__thumbnail\"><img loading=\"lazy\" decoding=\"async\" width=\"768\" height=\"512\" src=\"https:\/\/www.au-donau.at\/heimathaus\/wp-content\/uploads\/2024\/06\/Ausflug_2024_Salzburg5720.-Mai-2024-768x512.jpg\" class=\"attachment-medium_large size-medium_large wp-image-2228\" alt=\"\" srcset=\"https:\/\/www.au-donau.at\/heimathaus\/wp-content\/uploads\/2024\/06\/Ausflug_2024_Salzburg5720.-Mai-2024-768x512.jpg 768w, https:\/\/www.au-donau.at\/heimathaus\/wp-content\/uploads\/2024\/06\/Ausflug_2024_Salzburg5720.-Mai-2024-300x200.jpg 300w, https:\/\/www.au-donau.at\/heimathaus\/wp-content\/uploads\/2024\/06\/Ausflug_2024_Salzburg5720.-Mai-2024-1024x683.jpg 1024w, https:\/\/www.au-donau.at\/heimathaus\/wp-content\/uploads\/2024\/06\/Ausflug_2024_Salzburg5720.-Mai-2024-1536x1024.jpg 1536w, https:\/\/www.au-donau.at\/heimathaus\/wp-content\/uploads\/2024\/06\/Ausflug_2024_Salzburg5720.-Mai-2024.jpg 2048w\" sizes=\"(max-width: 768px) 100vw, 768px\" \/><\/div><\/a>\n\t\t\t\t<div class=\"elementor-post__text\">\n\t\t\t\t<h1 class=\"elementor-post__title\">\n\t\t\t<a href=\"https:\/\/www.au-donau.at\/heimathaus\/vereinsausflug-in-die-mozartstadt\/\" >\n\t\t\t\tVereinsausflug in die Mozartstadt\t\t\t<\/a>\n\t\t<\/h1>\n\t\t\t\t<div class=\"elementor-post__excerpt\">\n\t\t\t<p>Am Pfingstmontag den 20.5.2024 fand unser 2-j\u00e4hriger Vereinsausflug in die Mozartstadt Salzburg statt. Bei tollem Wetter machten sich rund 40 Vereinsmitglieder auf Richtung Salzburg. Auf dem Weg dorthin machte wir<\/p>\n\t\t<\/div>\n\t\t\n\t\t<a class=\"elementor-post__read-more\" href=\"https:\/\/www.au-donau.at\/heimathaus\/vereinsausflug-in-die-mozartstadt\/\" aria-label=\"Read more about Vereinsausflug in die Mozartstadt\" tabindex=\"-1\" >\n\t\t\tWeiterlesen\t\t<\/a>\n\n\t\t\t\t<\/div>\n\t\t\t\t<div class=\"elementor-post__meta-data\">\n\t\t\t\t\t<span class=\"elementor-post-date\">\n\t\t\t1. Juni 2024\t\t<\/span>\n\t\t\t\t<\/div>\n\t\t\t\t\t<\/div>\n\t\t<\/article>\n\t\t\t\t<article class=\"elementor-post elementor-grid-item post-1936 post type-post status-publish format-standard hentry category-rueckblicke\" role=\"listitem\">\n\t\t\t<div class=\"elementor-post__card\">\n\t\t\t\t<div class=\"elementor-post__text\">\n\t\t\t\t<h1 class=\"elementor-post__title\">\n\t\t\t<a href=\"https:\/\/www.au-donau.at\/heimathaus\/vereinsausflug-nach-salzburg-2\/\" >\n\t\t\t\tBesuch VS Naarn, 3. Klassen\t\t\t<\/a>\n\t\t<\/h1>\n\t\t\t\t<div class=\"elementor-post__excerpt\">\n\t\t\t<p>Nach unserer gelungenen Lesenacht besuchten wir am 16. Mai das Heimathaus in Oberwagram. Sehr herzlich wurden wir von Herrn Mairhofer und Frau Lambauer empfangen. Herr Mairhofer zeigte den Sch\u00fclerInnen einen<\/p>\n\t\t<\/div>\n\t\t\n\t\t<a class=\"elementor-post__read-more\" href=\"https:\/\/www.au-donau.at\/heimathaus\/vereinsausflug-nach-salzburg-2\/\" aria-label=\"Read more about Besuch VS Naarn, 3. Klassen\" tabindex=\"-1\" >\n\t\t\tWeiterlesen\t\t<\/a>\n\n\t\t\t\t<\/div>\n\t\t\t\t<div class=\"elementor-post__meta-data\">\n\t\t\t\t\t<span class=\"elementor-post-date\">\n\t\t\t23. Mai 2024\t\t<\/span>\n\t\t\t\t<\/div>\n\t\t\t\t\t<\/div>\n\t\t<\/article>\n\t\t\t\t<article class=\"elementor-post elementor-grid-item post-1917 post type-post status-publish format-standard hentry category-rueckblicke\" role=\"listitem\">\n\t\t\t<div class=\"elementor-post__card\">\n\t\t\t\t<div class=\"elementor-post__text\">\n\t\t\t\t<h1 class=\"elementor-post__title\">\n\t\t\t<a href=\"https:\/\/www.au-donau.at\/heimathaus\/maiandacht-im-heimathaus-3\/\" >\n\t\t\t\tMaiandacht im Heimathaus, 15. Mai 2024\t\t\t<\/a>\n\t\t<\/h1>\n\t\t\t\t<div class=\"elementor-post__excerpt\">\n\t\t\t<p>An einem sch\u00f6nen Fr\u00fchlingsabend, fand die dritte Maiandacht im Heimathaus statt. Auf Grund einer Anregung von Pfarrgemeinder\u00e4tin Daniela Achleitner, wurden auch die Bewohner von Sebern dazu eingeladen. Mit den Besuchern<\/p>\n\t\t<\/div>\n\t\t\n\t\t<a class=\"elementor-post__read-more\" href=\"https:\/\/www.au-donau.at\/heimathaus\/maiandacht-im-heimathaus-3\/\" aria-label=\"Read more about Maiandacht im Heimathaus, 15. Mai 2024\" tabindex=\"-1\" >\n\t\t\tWeiterlesen\t\t<\/a>\n\n\t\t\t\t<\/div>\n\t\t\t\t<div class=\"elementor-post__meta-data\">\n\t\t\t\t\t<span class=\"elementor-post-date\">\n\t\t\t23. Mai 2024\t\t<\/span>\n\t\t\t\t<\/div>\n\t\t\t\t\t<\/div>\n\t\t<\/article>\n\t\t\t\t<article class=\"elementor-post elementor-grid-item post-1910 post type-post status-publish format-standard hentry category-rueckblicke\" role=\"listitem\">\n\t\t\t<div class=\"elementor-post__card\">\n\t\t\t\t<div class=\"elementor-post__text\">\n\t\t\t\t<h1 class=\"elementor-post__title\">\n\t\t\t<a href=\"https:\/\/www.au-donau.at\/heimathaus\/kulturverein-forum-naarn-praesentierte-machland-ein-schoener-flecken-erde-von-josef-gusenbauer\/\" >\n\t\t\t\tKulturverein Forum Naarn pr\u00e4sentierte \u201eMachland ein sch\u00f6ner Flecken Erde\u201c von Josef Gusenbauer\t\t\t<\/a>\n\t\t<\/h1>\n\t\t\t\t<div class=\"elementor-post__excerpt\">\n\t\t\t<p>Am Donnerstag, den 16.11.2023 veranstaltete der Kulturverein Forum Naarn eine Multivisionsschau. Unter dem Titel \u201eMachland ein sch\u00f6ner Flecken Erde\u201c durfte der Obmann des Kulturvereins Forum Naarn, Harald Lambauer einen vollen<\/p>\n\t\t<\/div>\n\t\t\n\t\t<a class=\"elementor-post__read-more\" href=\"https:\/\/www.au-donau.at\/heimathaus\/kulturverein-forum-naarn-praesentierte-machland-ein-schoener-flecken-erde-von-josef-gusenbauer\/\" aria-label=\"Read more about Kulturverein Forum Naarn pr\u00e4sentierte \u201eMachland ein sch\u00f6ner Flecken Erde\u201c von Josef Gusenbauer\" tabindex=\"-1\" >\n\t\t\tWeiterlesen\t\t<\/a>\n\n\t\t\t\t<\/div>\n\t\t\t\t<div class=\"elementor-post__meta-data\">\n\t\t\t\t\t<span class=\"elementor-post-date\">\n\t\t\t29. November 2023\t\t<\/span>\n\t\t\t\t<\/div>\n\t\t\t\t\t<\/div>\n\t\t<\/article>\n\t\t\t\t<article class=\"elementor-post elementor-grid-item post-1866 post type-post status-publish format-standard hentry category-rueckblicke\" role=\"listitem\">\n\t\t\t<div class=\"elementor-post__card\">\n\t\t\t\t<div class=\"elementor-post__text\">\n\t\t\t\t<h1 class=\"elementor-post__title\">\n\t\t\t<a href=\"https:\/\/www.au-donau.at\/heimathaus\/jahreshauptversammlung\/\" >\n\t\t\t\tJahreshauptversammlung\t\t\t<\/a>\n\t\t<\/h1>\n\t\t\t\t<div class=\"elementor-post__excerpt\">\n\t\t\t<p>Bei der Jahreshauptversammlung des Kulturvereins Forum Naarn am 19.10.2023 im Gasthaus Redl mit rund 50 anwesenden Mitgliedern, \u00fcbergab nach 10 Jahren Obmannschaft Max Mairhofer seine Funktion. Er steht aber dem<\/p>\n\t\t<\/div>\n\t\t\n\t\t<a class=\"elementor-post__read-more\" href=\"https:\/\/www.au-donau.at\/heimathaus\/jahreshauptversammlung\/\" aria-label=\"Read more about Jahreshauptversammlung\" tabindex=\"-1\" >\n\t\t\tWeiterlesen\t\t<\/a>\n\n\t\t\t\t<\/div>\n\t\t\t\t<div class=\"elementor-post__meta-data\">\n\t\t\t\t\t<span class=\"elementor-post-date\">\n\t\t\t29. Oktober 2023\t\t<\/span>\n\t\t\t\t<\/div>\n\t\t\t\t\t<\/div>\n\t\t<\/article>\n\t\t\t\t<article class=\"elementor-post elementor-grid-item post-1762 post type-post status-publish format-standard hentry category-rueckblicke\" role=\"listitem\">\n\t\t\t<div class=\"elementor-post__card\">\n\t\t\t\t<div class=\"elementor-post__text\">\n\t\t\t\t<h1 class=\"elementor-post__title\">\n\t\t\t<a href=\"https:\/\/www.au-donau.at\/heimathaus\/das-war-heimathouse-rockt-2023\/\" >\n\t\t\t\tPremiere &#8222;Heimathouse rockt&#8220;\t\t\t<\/a>\n\t\t<\/h1>\n\t\t\t\t<div class=\"elementor-post__excerpt\">\n\t\t\t<p>Am 29.7.2023 fand zum ersten Mal, Heimathouse rockt statt. Das Wetter war uns leider nicht sonderlich gesonnen, und so konnte die Anlage nicht aufgebaut werden. Die Bands Caramell und Rauschfrei<\/p>\n\t\t<\/div>\n\t\t\n\t\t<a class=\"elementor-post__read-more\" href=\"https:\/\/www.au-donau.at\/heimathaus\/das-war-heimathouse-rockt-2023\/\" aria-label=\"Read more about Premiere &#8222;Heimathouse rockt&#8220;\" tabindex=\"-1\" >\n\t\t\tWeiterlesen\t\t<\/a>\n\n\t\t\t\t<\/div>\n\t\t\t\t<div class=\"elementor-post__meta-data\">\n\t\t\t\t\t<span class=\"elementor-post-date\">\n\t\t\t2. August 2023\t\t<\/span>\n\t\t\t\t<\/div>\n\t\t\t\t\t<\/div>\n\t\t<\/article>\n\t\t\t\t<article class=\"elementor-post elementor-grid-item post-1743 post type-post status-publish format-standard hentry category-rueckblicke\" role=\"listitem\">\n\t\t\t<div class=\"elementor-post__card\">\n\t\t\t\t<div class=\"elementor-post__text\">\n\t\t\t\t<h1 class=\"elementor-post__title\">\n\t\t\t<a href=\"https:\/\/www.au-donau.at\/heimathaus\/ferienspiele-keramikmalen-3\/\" >\n\t\t\t\tFerienspiele-Keramikmalen\t\t\t<\/a>\n\t\t<\/h1>\n\t\t\t\t<div class=\"elementor-post__excerpt\">\n\t\t\t<p>Am 18. Juli 2023 fand im Naarner Heimathaus wieder das beliebte Keramikmalen statt. In 2 Gruppen zu je 12 Teilnehmern bemalten die Kinder unter Anleitung von Frau Anna Lettner und<\/p>\n\t\t<\/div>\n\t\t\n\t\t<a class=\"elementor-post__read-more\" href=\"https:\/\/www.au-donau.at\/heimathaus\/ferienspiele-keramikmalen-3\/\" aria-label=\"Read more about Ferienspiele-Keramikmalen\" tabindex=\"-1\" >\n\t\t\tWeiterlesen\t\t<\/a>\n\n\t\t\t\t<\/div>\n\t\t\t\t<div class=\"elementor-post__meta-data\">\n\t\t\t\t\t<span class=\"elementor-post-date\">\n\t\t\t20. Juli 2023\t\t<\/span>\n\t\t\t\t<\/div>\n\t\t\t\t\t<\/div>\n\t\t<\/article>\n\t\t\t\t<article class=\"elementor-post elementor-grid-item post-1670 post type-post status-publish format-standard hentry category-rueckblicke\" role=\"listitem\">\n\t\t\t<div class=\"elementor-post__card\">\n\t\t\t\t<div class=\"elementor-post__text\">\n\t\t\t\t<h1 class=\"elementor-post__title\">\n\t\t\t<a href=\"https:\/\/www.au-donau.at\/heimathaus\/besuch-von-ungarischen-gaesten-im-heimathaus\/\" >\n\t\t\t\tBesuch von ungarischen G\u00e4sten im Heimathaus\t\t\t<\/a>\n\t\t<\/h1>\n\t\t\t\t<div class=\"elementor-post__excerpt\">\n\t\t\t<p>In Begleitung von B\u00fcrgermeister Martin Gaisberger und seiner Frau Andrea, besuchte eine Delegation aus der zuk\u00fcnftigen Partnergemeinde\u00a0ERSEKCSANAD am 30. Juni 2023 das Naarner Heimathaus. Obmann Max Mairhofer f\u00fchrte die G\u00e4ste<\/p>\n\t\t<\/div>\n\t\t\n\t\t<a class=\"elementor-post__read-more\" href=\"https:\/\/www.au-donau.at\/heimathaus\/besuch-von-ungarischen-gaesten-im-heimathaus\/\" aria-label=\"Read more about Besuch von ungarischen G\u00e4sten im Heimathaus\" tabindex=\"-1\" >\n\t\t\tWeiterlesen\t\t<\/a>\n\n\t\t\t\t<\/div>\n\t\t\t\t<div class=\"elementor-post__meta-data\">\n\t\t\t\t\t<span class=\"elementor-post-date\">\n\t\t\t6. Juli 2023\t\t<\/span>\n\t\t\t\t<\/div>\n\t\t\t\t\t<\/div>\n\t\t<\/article>\n\t\t\t\t<article class=\"elementor-post elementor-grid-item post-1633 post type-post status-publish format-standard hentry category-rueckblicke\" role=\"listitem\">\n\t\t\t<div class=\"elementor-post__card\">\n\t\t\t\t<div class=\"elementor-post__text\">\n\t\t\t\t<h1 class=\"elementor-post__title\">\n\t\t\t<a href=\"https:\/\/www.au-donau.at\/heimathaus\/besuch-vs-naarn\/\" >\n\t\t\t\tBesuch VS Naarn\t\t\t<\/a>\n\t\t<\/h1>\n\t\t\t\t<div class=\"elementor-post__excerpt\">\n\t\t\t<p>(Bericht: Julia Buchner) Besuch Heimathaus Naarn Am 23. Juni machten die 3. Klassen der VS Naarn einen sehr interessanten Lehrausgang zum Heimathaus Naarn. Bei perfekten Wetterbedingungen marschierten die Kinder zu<\/p>\n\t\t<\/div>\n\t\t\n\t\t<a class=\"elementor-post__read-more\" href=\"https:\/\/www.au-donau.at\/heimathaus\/besuch-vs-naarn\/\" aria-label=\"Read more about Besuch VS Naarn\" tabindex=\"-1\" >\n\t\t\tWeiterlesen\t\t<\/a>\n\n\t\t\t\t<\/div>\n\t\t\t\t<div class=\"elementor-post__meta-data\">\n\t\t\t\t\t<span class=\"elementor-post-date\">\n\t\t\t27. Juni 2023\t\t<\/span>\n\t\t\t\t<\/div>\n\t\t\t\t\t<\/div>\n\t\t<\/article>\n\t\t\t\t<article class=\"elementor-post elementor-grid-item post-1625 post type-post status-publish format-standard hentry category-rueckblicke\" role=\"listitem\">\n\t\t\t<div class=\"elementor-post__card\">\n\t\t\t\t<div class=\"elementor-post__text\">\n\t\t\t\t<h1 class=\"elementor-post__title\">\n\t\t\t<a href=\"https:\/\/www.au-donau.at\/heimathaus\/maiandacht-im-heimathaus-2\/\" >\n\t\t\t\tMaiandacht im Heimathaus\t\t\t<\/a>\n\t\t<\/h1>\n\t\t\t\t<div class=\"elementor-post__excerpt\">\n\t\t\t<p>Maiandacht im Heimathaus \u00a0 Am 25. Mai 2023 fand im Heimathaus eine Maiandacht und Feldfr\u00fcchtemesse f\u00fcr die Ortschaft Oberwagram statt. 30 Besucher waren der Einladung gefolgt. Pastoralassistentin Pauline Fr\u00f6schl hat<\/p>\n\t\t<\/div>\n\t\t\n\t\t<a class=\"elementor-post__read-more\" href=\"https:\/\/www.au-donau.at\/heimathaus\/maiandacht-im-heimathaus-2\/\" aria-label=\"Read more about Maiandacht im Heimathaus\" tabindex=\"-1\" >\n\t\t\tWeiterlesen\t\t<\/a>\n\n\t\t\t\t<\/div>\n\t\t\t\t<div class=\"elementor-post__meta-data\">\n\t\t\t\t\t<span class=\"elementor-post-date\">\n\t\t\t26. Mai 2023\t\t<\/span>\n\t\t\t\t<\/div>\n\t\t\t\t\t<\/div>\n\t\t<\/article>\n\t\t\t\t<article class=\"elementor-post elementor-grid-item post-867 post type-post status-publish format-standard hentry category-rueckblicke\" role=\"listitem\">\n\t\t\t<div class=\"elementor-post__card\">\n\t\t\t\t<div class=\"elementor-post__text\">\n\t\t\t\t<h1 class=\"elementor-post__title\">\n\t\t\t<a href=\"https:\/\/www.au-donau.at\/heimathaus\/flurreinigungsaktion\/\" >\n\t\t\t\tFlurreinigungsaktion\t\t\t<\/a>\n\t\t<\/h1>\n\t\t\t\t<div class=\"elementor-post__excerpt\">\n\t\t\t<p>Auch unser Verein beteiligte sich an der Flurreinigungsaktion. Obmann Max Mairhofer, Obmannstellvertreter Harald Lambauer und Schriftf\u00fchrerin Anita Walch waren gemeinsam mit Willi Steininger beim M\u00fcllsammeln unterwegs. Unter dem Motto \u201eViele<\/p>\n\t\t<\/div>\n\t\t\n\t\t<a class=\"elementor-post__read-more\" href=\"https:\/\/www.au-donau.at\/heimathaus\/flurreinigungsaktion\/\" aria-label=\"Read more about Flurreinigungsaktion\" tabindex=\"-1\" >\n\t\t\tWeiterlesen\t\t<\/a>\n\n\t\t\t\t<\/div>\n\t\t\t\t<div class=\"elementor-post__meta-data\">\n\t\t\t\t\t<span class=\"elementor-post-date\">\n\t\t\t10. April 2023\t\t<\/span>\n\t\t\t\t<\/div>\n\t\t\t\t\t<\/div>\n\t\t<\/article>\n\t\t\t\t<article class=\"elementor-post elementor-grid-item post-244 post type-post status-publish format-standard hentry category-rueckblicke tag-abend tag-volksmusik\" role=\"listitem\">\n\t\t\t<div class=\"elementor-post__card\">\n\t\t\t\t<div class=\"elementor-post__text\">\n\t\t\t\t<h1 class=\"elementor-post__title\">\n\t\t\t<a href=\"https:\/\/www.au-donau.at\/heimathaus\/volksmusikabend-2022\/\" >\n\t\t\t\tVolksmusikabend 2022\t\t\t<\/a>\n\t\t<\/h1>\n\t\t\t\t<div class=\"elementor-post__excerpt\">\n\t\t\t<p>Bei idealem Wetter fand die traditionelle Veranstaltung im Naarner Heimathaus statt. Die zahlreich erschienenen Besucher aus Nah \u2013 und Fern waren von den musikalischen Darbietungen sehr angetan. Die Gruppe BL:<\/p>\n\t\t<\/div>\n\t\t\n\t\t<a class=\"elementor-post__read-more\" href=\"https:\/\/www.au-donau.at\/heimathaus\/volksmusikabend-2022\/\" aria-label=\"Read more about Volksmusikabend 2022\" tabindex=\"-1\" >\n\t\t\tWeiterlesen\t\t<\/a>\n\n\t\t\t\t<\/div>\n\t\t\t\t<div class=\"elementor-post__meta-data\">\n\t\t\t\t\t<span class=\"elementor-post-date\">\n\t\t\t15. Juli 2022\t\t<\/span>\n\t\t\t\t<\/div>\n\t\t\t\t\t<\/div>\n\t\t<\/article>\n\t\t\t\t<article class=\"elementor-post elementor-grid-item post-193 post type-post status-publish format-standard hentry category-rueckblicke\" role=\"listitem\">\n\t\t\t<div class=\"elementor-post__card\">\n\t\t\t\t<div class=\"elementor-post__text\">\n\t\t\t\t<h1 class=\"elementor-post__title\">\n\t\t\t<a href=\"https:\/\/www.au-donau.at\/heimathaus\/preisverleihung-malwettbewerb\/\" >\n\t\t\t\tPreisverleihung Malwettbewerb\t\t\t<\/a>\n\t\t<\/h1>\n\t\t\t\t<div class=\"elementor-post__excerpt\">\n\t\t\t<p>Zum Abschluss des durchgef\u00fchrten Malwettbewerbs, fand am 1.7.2022\u00a0die Preisverleihung im Rahmen eines Familiennachmittages statt. Die Sch\u00fcler, sowie viele Eltern und Gro\u00dfeltern waren der Einladung gefolgt. Leider zog kurz vor Veranstaltungsbeginn<\/p>\n\t\t<\/div>\n\t\t\n\t\t<a class=\"elementor-post__read-more\" href=\"https:\/\/www.au-donau.at\/heimathaus\/preisverleihung-malwettbewerb\/\" aria-label=\"Read more about Preisverleihung Malwettbewerb\" tabindex=\"-1\" >\n\t\t\tWeiterlesen\t\t<\/a>\n\n\t\t\t\t<\/div>\n\t\t\t\t<div class=\"elementor-post__meta-data\">\n\t\t\t\t\t<span class=\"elementor-post-date\">\n\t\t\t1. Juli 2022\t\t<\/span>\n\t\t\t\t<\/div>\n\t\t\t\t\t<\/div>\n\t\t<\/article>\n\t\t\t\t<article class=\"elementor-post elementor-grid-item post-191 post type-post status-publish format-standard hentry category-rueckblicke\" role=\"listitem\">\n\t\t\t<div class=\"elementor-post__card\">\n\t\t\t\t<div class=\"elementor-post__text\">\n\t\t\t\t<h1 class=\"elementor-post__title\">\n\t\t\t<a href=\"https:\/\/www.au-donau.at\/heimathaus\/besuch-der-3-a-und-3-b-der-volksschule-naarn\/\" >\n\t\t\t\tBesuch VS Naarn, 3A und 3B\t\t\t<\/a>\n\t\t<\/h1>\n\t\t\t\t<div class=\"elementor-post__excerpt\">\n\t\t\t<p>Anl\u00e4sslich des 10-j\u00e4hrigen Bestehens des Kulturvereines FORUM NAARN wird mit den Sch\u00fclern der 3. Klassen ein Malwettbewerb durchgef\u00fchrt. Beim Besuch der Sch\u00fcler im Heimathaus, wurden Ihnen die Themen, Heimathaus, Scheiterschwemme<\/p>\n\t\t<\/div>\n\t\t\n\t\t<a class=\"elementor-post__read-more\" href=\"https:\/\/www.au-donau.at\/heimathaus\/besuch-der-3-a-und-3-b-der-volksschule-naarn\/\" aria-label=\"Read more about Besuch VS Naarn, 3A und 3B\" tabindex=\"-1\" >\n\t\t\tWeiterlesen\t\t<\/a>\n\n\t\t\t\t<\/div>\n\t\t\t\t<div class=\"elementor-post__meta-data\">\n\t\t\t\t\t<span class=\"elementor-post-date\">\n\t\t\t9. Juni 2022\t\t<\/span>\n\t\t\t\t<\/div>\n\t\t\t\t\t<\/div>\n\t\t<\/article>\n\t\t\t\t<\/div>\n\t\t\n\t\t\t\t<div class=\"e-load-more-anchor\" data-page=\"1\" data-max-page=\"5\" data-next-page=\"https:\/\/www.au-donau.at\/heimathaus\/wp-json\/wp\/v2\/pages\/1047\/page\/2\/\"><\/div>\n\t\t\t\t<nav class=\"elementor-pagination\" aria-label=\"Paginierung\">\n\t\t\t<span class=\"page-numbers prev\">&laquo; zur\u00fcck<\/span>\n<a class=\"page-numbers next\" href=\"https:\/\/www.au-donau.at\/heimathaus\/wp-json\/wp\/v2\/pages\/1047\/page\/2\/\">weiter &raquo;<\/a>\t\t<\/nav>\n\t\t\t\t\t\t<\/div>\n\t\t\t\t<\/div>\n\t\t\t\t\t<\/div>\n\t\t\t\t<\/div>\n\t\t\t\t<\/div>\n\t\t","protected":false},"excerpt":{"rendered":"","protected":false},"author":1,"featured_media":0,"parent":0,"menu_order":0,"comment_status":"closed","ping_status":"closed","template":"","meta":{"footnotes":""},"class_list":["post-1047","page","type-page","status-publish","hentry"],"_links":{"self":[{"href":"https:\/\/www.au-donau.at\/heimathaus\/wp-json\/wp\/v2\/pages\/1047","targetHints":{"allow":["GET"]}}],"collection":[{"href":"https:\/\/www.au-donau.at\/heimathaus\/wp-json\/wp\/v2\/pages"}],"about":[{"href":"https:\/\/www.au-donau.at\/heimathaus\/wp-json\/wp\/v2\/types\/page"}],"author":[{"embeddable":true,"href":"https:\/\/www.au-donau.at\/heimathaus\/wp-json\/wp\/v2\/users\/1"}],"replies":[{"embeddable":true,"href":"https:\/\/www.au-donau.at\/heimathaus\/wp-json\/wp\/v2\/comments?post=1047"}],"version-history":[{"count":48,"href":"https:\/\/www.au-donau.at\/heimathaus\/wp-json\/wp\/v2\/pages\/1047\/revisions"}],"predecessor-version":[{"id":2748,"href":"https:\/\/www.au-donau.at\/heimathaus\/wp-json\/wp\/v2\/pages\/1047\/revisions\/2748"}],"wp:attachment":[{"href":"https:\/\/www.au-donau.at\/heimathaus\/wp-json\/wp\/v2\/media?parent=1047"}],"curies":[{"name":"wp","href":"https:\/\/api.w.org\/{rel}","templated":true}]}}